{"id":147,"date":"2018-12-18T09:10:23","date_gmt":"2018-12-18T08:10:23","guid":{"rendered":"http:\/\/www.waldschutz-pasching.at\/?page_id=147"},"modified":"2026-01-28T14:55:46","modified_gmt":"2026-01-28T13:55:46","slug":"dokumente-medien","status":"publish","type":"page","link":"https:\/\/www.waldschutz-pasching.at\/?page_id=147","title":{"rendered":"Dokumente, Downloads"},"content":{"rendered":"\r\n<h2 class=\"wp-block-heading\">Dokumente<\/h2>\r\n\r\n\r\n\r\n<p><a href=\"https:\/\/www.land-oberoesterreich.gv.at\/Mediendateien\/Formulare\/Dokumente%20IKD\/Pasching_Pruefbericht.pdf\" target=\"_blank\" rel=\"noreferrer noopener\" aria-label=\"IKD Pr\u00fcfungsbericht Gemeinde Pasching (\u00f6ffnet in neuem Tab)\">IKD Pr\u00fcfungsbericht Gemeinde Pasching<\/a> &#8211; <em>Land O\u00f6 (Direktion Inneres und Kommunales) r\u00e4t zur Redimensionierung der Sportanlage in Pasching (siehe Seite 41f).<\/em><\/p>\r\n<p><a href=\"https:\/\/www.waldschutz-pasching.at\/wp-content\/uploads\/05_2_LASK_2017_02_16_Pachtvertrag.pdf\">17-02-16_LASK_Pachtvertrag<\/a> &#8211; Verpachtung des Paschinger Stadions um 250 Euro pro Monat.<\/p>\r\n\r\n\r\n\r\n<p><a href=\"\/wp-content\/uploads\/17-10-30_GR-Vorlage-Gem-Pasching.pdf\" target=\"_blank\" rel=\"noreferrer noopener\" aria-label=\"17-10-30_GR Vorlage Gem Pasching.pdf (\u00f6ffnet in neuem Tab)\">17-10-30_GR Vorlage Gem Pasching.pdf<\/a> &#8211; <em>Kauf der Waldfl\u00e4chen (47.359 m\u00b2) und Gr\u00fcnfl\u00e4chen (24.773 m\u00b2) durch Pasching von der Stadt Linz um \u20ac 632.069,50.<\/em><\/p>\r\n\r\n\r\n\r\n<p><a href=\"\/wp-content\/uploads\/18-10-01_Erl\u00e4uterungsbericht_FWP_4_5.pdf\" target=\"_blank\" rel=\"noreferrer noopener\" aria-label=\"18-10-01_Erl\u00e4uterungsbericht_FWP_4_5.pdf (\u00f6ffnet in neuem Tab)\">18-10-01_Erl\u00e4uterungsbericht_FWP_4_5.pdf<\/a> &#8211; <em>Erl\u00e4uterungsbericht \u00d6rtliches Entwicklungskonzept Nr. 2 \u00c4nderung Nr. 22 Fl\u00e4chenwidmungsteil Nr. 4 \u00c4nderung Nr. 5 Pasching von TOPOS III <\/em><\/p>\r\n\r\n\r\n\r\n<p><a href=\"\/wp-content\/uploads\/19-02-04_Baurechtsvertrag.pdf\" target=\"_blank\" rel=\"noreferrer noopener\" aria-label=\"19-02-04_Baurechtsvertrag.pdf (\u00f6ffnet in neuem Tab)\">19-02-04_Baurechtsvertrag.pdf<\/a> &#8211; <em>Baurecht und Nutzungsrecht (45.023 m\u00b2) f\u00fcr FC Juniors GmbH bis 31.12.2059 f\u00fcr \u20ac 250 pro Monat;<\/em> Vermessungsurkunde.<\/p>\r\n\r\n\r\n\r\n<p><a href=\"\/wp-content\/uploads\/19-03-28_Vereinbarung_Pfeifen_Parken.pdf\" target=\"_blank\" rel=\"noreferrer noopener\" aria-label=\"19-03-28_Vereinbarung_Pfeifen_Parken.pdf (\u00f6ffnet in neuem Tab)\">19-03-28_Vereinbarung_Pfeifen_Parken.pdf<\/a> &#8211; <em>Vereinbarung zwischen FC Juniors GmbH und Gemeinde Pasching &#8222;nach gr\u00f6\u00dfter M\u00f6glichkeit&#8220; auf das Pfeifen verzichten; Evaluierung Parkpl\u00e4tze ab dem 30.06.2022.<\/em><\/p>\r\n\r\n\r\n\r\n<p><a href=\"\/wp-content\/uploads\/19-04-23_Schreiben_Naturschutzbeh\u00f6rde.pdf\" target=\"_blank\" rel=\"noreferrer noopener\" aria-label=\"19-04-23_Schreiben_Naturschutzbeh\u00f6rde.pdf (\u00f6ffnet in neuem Tab)\">19-04-23_Schreiben_Naturschutzbeh\u00f6rde.pdf<\/a> &#8211; <em>Einw\u00e4nde Umweltverfahren an Bezirkshauptmannschaft Linz-Land zu \u00d6rtliches Entwicklungskonzept Nr. 2 \u00c4nderung Nr. 22<\/em><\/p>\r\n\r\n\r\n\r\n<p><a href=\"\/wp-content\/uploads\/19-04-29_Beschwerde_AK_Art_9_83.pdf\" target=\"_blank\" rel=\"noreferrer noopener\" aria-label=\"19-04-29_Beschwerde_AK_Art_9_83.pdf (\u00f6ffnet in neuem Tab)\">19-04-29_Beschwerde_AK_Art_9_83.pdf<\/a> &#8211; <em>Beschwerde im aufsichtsbeh\u00f6rdlichen Verfahren auf Basis Art. 9 Abs. 3 Aarhus-Konvention<\/em><\/p>\r\n\r\n\r\n\r\n<p><a href=\"\/wp-content\/uploads\/19-05-14_PA_Langer_Anfrage.pdf\" target=\"_blank\" rel=\"noreferrer noopener\" aria-label=\"19-05-14_PA_Langer_Anfrage.pdf (\u00f6ffnet in neuem Tab)\">19-05-14_PA_Langer_Anfrage.pdf<\/a> &#8211; <em>Anfrage an den Linzer Gemeinderat zu fehlender Nachzahlungsklausel bei Umwidmung<\/em><\/p>\r\n\r\n\r\n\r\n<p><a href=\"\/wp-content\/uploads\/19-07-03_Forstrechtsbescheid-Beschwerde-LVwG_2.pdf\" target=\"_blank\" rel=\"noreferrer noopener\" aria-label=\"19-07-03_Forstrechtsbescheid-Beschwerde-LVwG_2.pdf (\u00f6ffnet in neuem Tab)\">19-07-03_Forstrechtsbescheid-Beschwerde-LVwG_2.pdf<\/a> &#8211; <em>Beschwerde Bescheid 17.06.2018, GZ. BHLLForst-2019-71080\/9-VM: angef\u00fchrten Urteile des EuGH und des VwGH sind \u00e4lteren Datums und nicht mehr anzuwenden.<\/em><\/p>\r\n\r\n\r\n\r\n\r\n\r\n<p><a href=\"\/wp-content\/uploads\/19-08-18_Folder.pdf\" target=\"_blank\" rel=\"noreferrer noopener\" aria-label=\"19-08-18_Folder.pdf (\u00f6ffnet in neuem Tab)\">19-08-18_Folder.pdf<\/a> &#8211; <em>Folder &#8222;Lasst uns den Wald retten &#8211; gemeinsam&#8220;<\/em><\/p>\r\n\r\n\r\n\r\n<p><a href=\"\/wp-content\/uploads\/19-08-26_NSch-Bescheid-Trainingsfelder-Pasching.pdf\" target=\"_blank\" rel=\"noreferrer noopener\" aria-label=\"19-08-26_NSch-Bescheid-Trainingsfelder-Pasching.pdf (\u00f6ffnet in neuem Tab)\">19-08-26_NSch-Bescheid-Trainingsfelder-Pasching.pdf<\/a> &#8211; <em>Naturschutzbeh\u00f6rdliche Bewilligung BHLLAgrar-2019-317140\/18-VM der O\u00f6. Umweltanwaltschaft vom 26.08.2019<\/em><\/p>\r\n<p><a href=\"\/wp-content\/uploads\/19-09-16_LVWG_Zur\u00fcckweisung-Parteistellung.pdf\" target=\"_blank\" rel=\"noopener noreferrer\">19-09-16_LVWG_Zur\u00fcckweisung-Parteistellung.pdf<\/a> &#8211; <i>Das Landesverwaltungsgericht hat die Forderung nach Parteistellung unter Anwendung von Aarhus 9(3) im Forstverfahren zur\u00fcckgewiesen.<\/i><\/p>\r\n<p><a href=\"\/wp-content\/uploads\/19-09-23_VA-O\u00d6-BT_0025-B_1_2019_23.09.2019_Ruth_Kropshofer.pdf\" target=\"_blank\" rel=\"noopener noreferrer\">19-09-23_VA-O\u00d6-BT_0025-B_1_2019<\/a> &#8211; Erkenntnis der Volksanwaltschaft vom 23. September 2019 (Gesch\u00e4ftszahl: VA-O\u00d6-BT\/0025-B\/1\/2019). Die Volksanwaltschaft musste folgende Missst\u00e4nde (Art. 148a B-VG) in der Verwaltung der Gemeinde Pasching feststellen.<i><br><\/i><\/p>\r\n\r\n\r\n\r\n<p><a href=\"\/wp-content\/uploads\/19-10-04_Bescheid-Aufschiebende-Wirkung-NSch-Bescheid.pdf\" target=\"_blank\" rel=\"noreferrer noopener\" aria-label=\"19-10-04_Bescheid-Aufschiebende Wirkung-NSch-Bescheid (\u00f6ffnet in neuem Tab)\">19-10-04_Bescheid-Aufschiebende Wirkung-NSch-Bescheid<\/a> &#8211; <em>Zuerkennung der aufschiebenden Wirkung an die O\u00f6. Umweltanwaltschaft; Bescheid BHLLAgrar-2019-317140\/29-VM: Im Aufschiebungsantrag wird von der Antragstellerin konkret dargelegt, dass im Fall der nachtr\u00e4glichen Ab\u00e4nderung des Bescheids, die Folgen des bereits umgesetzten Bescheides nicht wieder beseitigt werden k\u00f6nnen, weil der Waldboden und die gesch\u00fctzten Pflanzenarten unwiederbringlich verloren gehen w\u00fcrden, best\u00e4tigt wird dies auch durch die von der Beh\u00f6rde eingeholte forstfachliche Stellungnahme vom 03.10.2019.<\/em><\/p>\r\n\r\n\r\n\r\n\r\n\r\n<p><a href=\"\/wp-content\/uploads\/19-08-14_Rodungsbewilligung_BHLLForst-2019-7108027-VM.pdf\" target=\"_blank\" rel=\"noreferrer noopener\" aria-label=\"19-08-14_Rodungsbewilligung_BHLLForst-2019-7108027-VM.pdf (\u00f6ffnet in neuem Tab)\">19-08-14_Rodungsbewilligung_BHLLForst-2019-7108027-VM.pdf<\/a> &#8211; <em>Bescheid BHLLForst-2019-71080\/27-VM der Bezirkshauptmannschaft Linz-Land (Mag. Manfred Hageneder, PMM) zur Rodung von 26.165 m\u00b2 vom 14.8.2019 &#8211; erhalten am 8.10.2019.<\/em><\/p>\r\n<p><a href=\"\/wp-content\/uploads\/19-10-16_Naturschutzbund_Beratung_Restwald.pdf\" target=\"_blank\" rel=\"noopener noreferrer\">19-10-16_Naturschutzbund_Beratung_Restwald.pdf<\/a> &#8211; <em>Naturschutzbund Ober\u00f6sterreich: Gespr\u00e4chsprotokoll Termin \u201eBeratung Restwald\u201c 30.9.2019; Schreiben vom 16.10.2019<\/em><\/p>\r\n\r\n\r\n\r\n<p><a href=\"\/wp-content\/uploads\/19-10-30_Zurueckweisung_Beschwerde_Umweltanwalt_551662.pdf\" target=\"_blank\" rel=\"noreferrer noopener\" aria-label=\"19-10-30_Zurueckweisung_Beschwerde_Umweltanwalt_551662.pdf  (\u00f6ffnet in neuem Tab)\">19-10-30_Zurueckweisung_Beschwerde_Umweltanwalt_551662.pdf <\/a>&#8211; <em>Entscheidung des Landesverwaltungsgericht Ober\u00f6sterreich bez\u00fcglich Beschwerde der Umweltanwaltschaft vom 30.10.2019 (Gesch\u00e4fts<span style=\"text-align: left; color: #333333; text-transform: none; text-indent: 0px; letter-spacing: normal; font-family: 'Libre Franklin','Helvetica Neue',helvetica,arial,sans-serif; font-size: 16px; font-variant: normal; font-weight: 400; text-decoration: none; word-spacing: 0px; display: inline !important; white-space: normal; cursor: text; orphans: 2; float: none; -webkit-text-stroke-width: 0px; background-color: #ffffff;\">zeichen<\/span>: LVwG-551662\/2\/FP\/KN)<\/em><\/p>\r\n\r\n\r\n\r\n<p><a href=\"\/wp-content\/uploads\/19-11-12_BHLLForst-2019-7108042-VM.pdf\" target=\"_blank\" rel=\"noopener noreferrer\">19-11-12_BHLLForst-2019-7108042-VM.pdf<\/a> &#8211; <em>Antrag auf \u00dcbermittlung des Trainings- und Spielkonzepts der FC Juniors GmbH nach Umweltinformationsgesetz wird abgewiesen; 12.11.2019; Forstbeh\u00f6rde sieht Trainings- und Spielkonzept nicht als Umweltinformationen (Gesch\u00e4ftszeichen: BHLLForst-2019-71080\/42-VM)<\/em><\/p>\r\n<p><a href=\"\/wp-content\/uploads\/19-11-21_Bescheid-LVwG_Gemeinde-Pasching-.pdf\" target=\"_blank\" rel=\"noopener noreferrer\">19-11-21_Bescheid-LVwG_Gemeinde-Pasching-.pdf<\/a> &#8211; <em>Entscheidung des Landesverwaltungsgericht Ober\u00f6sterreich vom 14.11.2019: Durchf\u00fchrung der beantragten \u00dcberpr\u00fcfung der Fl\u00e4chenwidmung wird abgelehnt (Gesch\u00e4ftszeichen: LVwG-152281\/4\/VG)<\/em><\/p>\r\n<p><a href=\"\/wp-content\/uploads\/19-11-29_VA-O\u00d6-BT_0025-B_1_2019.pdf\" target=\"_blank\" rel=\"noopener noreferrer\">19-11-29_VA-O\u00d6-BT_0025-B_1_2019.pdf<\/a> &#8211; <em>Schreiben Volksanwaltschaft (Gesch\u00e4ftszahl: VA-O\u00d6-BT\/0025-B\/1\/2019) vom 20.11.2019 Volksanwaltschaft kann Rechtsansicht der Gemeinde nicht teilen<\/em><\/p>\r\n<p><a href=\"\/wp-content\/uploads\/20-03-03_Bescheid-LVWG_Trainingskonzept.pdf\" target=\"_blank\" rel=\"noopener noreferrer\">20-03-03_Bescheid-LVWG_Trainingskonzept.pdf<\/a><i> &#8211; Bescheid des LVWG zu Trainingskonzept der FC Juniors GmbH vom 27.02.2020 (Gesch\u00e4ftszeichen: LVwG-551755\/2\/KH)<\/i><\/p>\r\n<p><a href=\"\/wp-content\/uploads\/20-03-04_BHLL-Forst_Trainingskonzept.pdf\" target=\"_blank\" rel=\"noopener noreferrer\">20-03-04_BHLL-Forst_Trainingskonzept.pdf<\/a><i> &#8211; Schreiben der Bezirkshauptmannschaft Linz-Land zum Trainingskonzept der FC Juniors GmbH vom 28.02.2020 (Gesch\u00e4ftszeichen: BHLLForst-2019-71080\/51-PV)<\/i><\/p>\r\n<p><a href=\"\/wp-content\/uploads\/20-07-24_Bauarbeiten_Schreiben_Ing_Klaus_Handl.pdf\" target=\"_blank\" rel=\"noopener noreferrer\">20-07-24_Bauarbeiten_Schreiben_Ing_Klaus_Handl<\/a>&nbsp;&#8211; <em>Stellungnahme zu betonierter Bodenplatte und den Betonw\u00e4nden von Ing. Klaus Handl (Schreiben vom 24.7.2020): Im Sinne der baurechtlichen Bestimmungen sind diese Bauma\u00dfnahme weder Bewilligungs- noch anzeigepflichtig<\/em><\/p>\r\n<p><a href=\"https:\/\/www.waldschutz-pasching.at\/wp-content\/uploads\/21-01-29_Plan_Trainingsplaetze_2019.pdf\" target=\"_blank\" rel=\"noopener\">21-01-29_Plan_Trainingsplaetze_2019<\/a>&nbsp;&#8211; <em>Plan Trainingspl\u00e4tze inklusive Zwischenfl\u00e4chen<\/em><\/p>\r\n<p><a href=\"https:\/\/www.waldschutz-pasching.at\/wp-content\/uploads\/2022-03-23_OOe_LRH_IP_Foerderung_Sportinvestitionen_Schwerpunkt_Leistungssport-1.pdf\" target=\"_blank\" rel=\"noopener\">22-03-23_OOe_LRH_IP_Foerderung_Sportinvestitionen<\/a> &#8211; Die Initiativpr\u00fcfung des O\u00d6 Landesrechnungshofs zu Sportinvestitionen zeigt neben den Vorg\u00e4ngen zur neuen LASK-Arena in Linz auch die Finanzierung von Adaptierungen des Waldstadion Pasching f\u00fcr den LASK mit einem \u00f6ffentlichen F\u00f6rderungsanteil von 89,7 Prozent sowie des LASK Trainingszentrums in Pasching mit F\u00f6rderungsanteil von 90,2 Prozent auf<\/p>\r\n<p><a href=\"https:\/\/www.waldschutz-pasching.at\/wp-content\/uploads\/2026-01-14_IFG-Auskunft_BHLLForst-2019-71080-190.pdf\" target=\"_blank\" rel=\"noopener\">2026-01-14_IFG-Auskunft_BHLLForst-2019-71080-190.pdf<\/a> &#8211; Auskunft nach IFG gibt Einblick in die Arbeit der Forstbeh\u00f6rde. Im Jahr 2025 wurden nur 2 der 7 gr\u00f6\u00dferen Aufforstungsfl\u00e4chen \u00fcberpr\u00fcft.<\/p>\r\n<hr>\r\n<h3>Ersatzaufforstung<\/h3>\r\n<h4>Stand 2021<\/h4>\r\n<ul>\r\n<li style=\"list-style-type: none;\">\r\n<ul>\r\n<li><a href=\"https:\/\/www.waldschutz-pasching.at\/wp-content\/uploads\/2021-01-19_Restwaldkonzept.pdf\" target=\"_blank\" rel=\"noopener\">21-01-29_Restwaldkonzept<\/a> &#8211; <em>Bewirtschaftungskonzept f\u00fcr den verbleibenden Waldstreifen und die befristete Rodungsfl\u00e4che (Damm)<\/em><\/li>\r\n<li><a href=\"https:\/\/www.waldschutz-pasching.at\/wp-content\/uploads\/2021-05-27_TOP_6_3_Ersatzflaechen_fuer_FCJuniors_Web.pdf\">21-05-27_TOP_6_3_Ersatzfl\u00e4chen_f\u00fcr_FCJuniors<\/a> &#8211; <em>Vereinbarung, dass die Gemeinde einen Teil der Aufforstung und Pflegen f\u00fcr FC Juniors \u00fcbernimmt und Grundst\u00fccke zur Verf\u00fcgung stellt<\/em><\/li>\r\n<li><a href=\"https:\/\/www.waldschutz-pasching.at\/wp-content\/uploads\/2021-06-10_Ooe_Umweltanwalt-Anmerkungen_Begleitmassnahmen.pdf\" target=\"_blank\" rel=\"noopener\">21-06-10_O\u00f6_Umweltanwalt-Anmerkungen_Begleitma\u00dfnahmen<\/a>&nbsp;&#8211; <em>Anmerkungen des O\u00d6-Umweltanwalts zu den Begleitma\u00dfnahmen Trainingsfelder Pasching vom 10.06.2021<\/em><\/li>\r\n<li><a href=\"https:\/\/www.waldschutz-pasching.at\/wp-content\/uploads\/2021-07-01_Vertrag_Ersatzaufforstung_LASK_Pasching_final.pdf\">21-07-01_Vertrag_Ersatzaufforstung_LASK_Pasching_final<\/a> &#8211; <em>Zeitlich unbefristete Bereitstellung von Fl\u00e4chen f\u00fcr die LASK-Gruppe.<\/em><\/li>\r\n<\/ul>\r\n<\/li>\r\n<\/ul>\r\n<h4>Stand 2022<\/h4>\r\n<ul>\r\n<li style=\"list-style-type: none;\">\r\n<ul>\r\n<li><a href=\"https:\/\/www.waldschutz-pasching.at\/wp-content\/uploads\/2022-02-10_BHLLForst-Stand-Ersatzaufforstung.pdf\">22-02-10_BHLLForst-Stand-Ersatzaufforstung<\/a> &#8211; <em>Beantwortung der Anfragen an die Forstbeh\u00f6rde zur Aufforstung laut Rodungsbewilligung BHLLForst-2019-71080\/27-VM bis 31.12.2021<\/em><\/li>\r\n<li><a href=\"https:\/\/www.waldschutz-pasching.at\/wp-content\/uploads\/05_2_LASK_2022-02-15-Nachtrag-zum-Pachtvertrag_v5_SCWP-Aenderungen-eingearbeitet.pdf\">22-02-15 Nachtrag zum Pachtvertrag_v5<\/a> &#8211; <em>In der Gemeinderatssitzung am 17.2.2022 wurde die Ab\u00e4nderung des Pachtvertrages der LASK GmbH beschlossen<\/em><\/li>\r\n<li><a href=\"https:\/\/www.waldschutz-pasching.at\/wp-content\/uploads\/2022-04-21_Anfrage-Ersatzaufforstung-Pasching.pdf\" target=\"_blank\" rel=\"noopener\">22-04-21 Anfrage Ersatzaufforstung Pasching<\/a> &#8211; <em>Anfrage bzgl. Sicherstellung der nicht erfolgten Ersatzaufforstung von Abgeordnetem Rudi Hemetsberger vom 21.4. an Landesr\u00e4tin Michaela Lanqer-Weninqer, B\u00fcro Landtagspr\u00e4sident Max Hiegelsberger<\/em><\/li>\r\n<li><a href=\"https:\/\/www.waldschutz-pasching.at\/wp-content\/uploads\/2022-06-04_Erdwall_Ersatzaufforstung_6MB.pdf\" target=\"_blank\" rel=\"noopener\">22-06-04_Erdwall_Ersatzaufforstung_6MB.pdf<\/a> &#8211; <em>Stand der Ersatzaufforstung am Erdwall mit 4.6.2022<\/em><\/li>\r\n<li><a href=\"https:\/\/www.waldschutz-pasching.at\/wp-content\/uploads\/2022-06-13_BH_LL_Forst_Status_Ersatzaufforstung.pdf\" target=\"_blank\" rel=\"noopener\">22-06-13 BH-LL Forst &#8211; Status der Ersatzaufforstung<\/a> &#8211; <em>Stellungnahme des B\u00fcros von Bezirkshauptmann Mag. Manfred Hageneder zum Wachstumsfortschritts der Bepflanzung am Erdwall sowie zum aktuellen Stand der Ersatzaufforstung&nbsp;<\/em><\/li>\r\n<li><a href=\"https:\/\/www.waldschutz-pasching.at\/wp-content\/uploads\/2022-06-20_Beantwortung-der-schriftlichen-Anfrage-11044_2022.pdf\" target=\"_blank\" rel=\"noopener\">22-06-20 Beantwortung Anfrage durch LRin Michaela Lanqer-Weninqer<\/a><em> &#8211; Beantwortung der Anfrage bez\u00fcglich Sicherstellung der nicht erfolgten Ersatzaufforstung von Abgeordnetem Rudi Hemetsberger<\/em><\/li>\r\n<li><a href=\"https:\/\/www.waldschutz-pasching.at\/wp-content\/uploads\/2022-10-11_BHLLForst-2019-71080-105.pdf\" target=\"_blank\" rel=\"noopener\">22-10-11 BHLLForst-2019-71080-105.pdf<\/a> &#8211; <em>Auskunft der Forstbeh\u00f6rde nach UIG zu noch ausstehenden Fl\u00e4chen f\u00fcr die Aufforstung<\/em><\/li>\r\n<li><a href=\"https:\/\/www.waldschutz-pasching.at\/wp-content\/uploads\/2022-10-11_Ersatzflaeche_Pucking.pdf\" target=\"_blank\" rel=\"noopener\">22-10-11_Ersatzflaeche_Pucking.pdf<\/a> &#8211; <em>Lageplan zur Ersatzfl\u00e4che GstNr 909\/1 in Pucking<\/em><\/li>\r\n<li><a href=\"https:\/\/www.waldschutz-pasching.at\/wp-content\/uploads\/2022-12-18_Forst_Thurnharting.pdf\" target=\"_blank\" rel=\"noopener\">22-12-18_Forst_Thurnharting.pdf<\/a> &#8211; <em>Bilder vom 18.12.2022 zur Ersatzaufforstung in Pasching &#8211; Thurnharting<\/em><\/li>\r\n<\/ul>\r\n<\/li>\r\n<\/ul>\r\n<h4>Stand 2023<\/h4>\r\n<ol>\r\n<li style=\"list-style-type: none;\">\r\n<ul>\r\n<li><a href=\"https:\/\/www.waldschutz-pasching.at\/wp-content\/uploads\/2023-01-04_Erdwall_Pfanzaglgut.pdf\" target=\"_blank\" rel=\"noopener\">23-01-04_Erdwall_Pfanzaglgut.pdf<\/a> &#8211; <em>Bilder vom 04.01.2023 zur Aufforstung in Pasching (Erdwall bei Pfanzaglgutstrasse)<\/em><\/li>\r\n<li><a href=\"https:\/\/www.waldschutz-pasching.at\/wp-content\/uploads\/2023-01-04_Ansfelden_Aufforstung.pdf\" target=\"_blank\" rel=\"noopener\">23-01-04_Ansfelden_Aufforstung.pdf<\/a> &#8211; <em>Bilder vom 04.01.2023 zur Ersatzaufforstung in Ansfelden<\/em><\/li>\r\n<li><a href=\"https:\/\/www.waldschutz-pasching.at\/wp-content\/uploads\/2023-02-13_Aufforstung_Pucking.pdf\" target=\"_blank\" rel=\"noopener\">23-02-13_Aufforstung_Pucking.pdf<\/a> &#8211;<em> Bilder vom 13.2.2023 zur Ersatzaufforstung in Pucking<\/em><\/li>\r\n<li><a href=\"https:\/\/www.waldschutz-pasching.at\/wp-content\/uploads\/2023-01-04_Erdwall_Finstergasse.pdf\" target=\"_blank\" rel=\"noopener\">23-01-04_Erdwall_Finstergasse.pdf<\/a>&nbsp;&#8211;&nbsp;<em>Bilder vom 04.01.2023 zur Aufforstung<\/em><em>&nbsp;in Pasching (Erdwall bei Finstergasse)<\/em><\/li>\r\n<li><a href=\"https:\/\/www.waldschutz-pasching.at\/wp-content\/uploads\/2023-01-04_Stromtrasse_Finstergasse.pdf\" target=\"_blank\" rel=\"noopener\">23-01-04_Stromtrasse_Finstergasse.pdf<\/a>&nbsp;&#8211;&nbsp;<em>Bilder vom 04.01.2023 zur Ersatzaufforstung in Pasching (Stromtrasse bei Finstergasse)<\/em><\/li>\r\n<li><a href=\"https:\/\/www.waldschutz-pasching.at\/wp-content\/uploads\/2023-01-07_Anfrage_BHLLForst-2019-71080_27-VM.pdf\" target=\"_blank\" rel=\"noopener\">23-01-07_Anfrage_BHLLForst-2019-71080_27-VM.pdf<\/a> &#8211; <em>Schreiben an die Forstbeh\u00f6rde nach Lokalaugenschein am 4.1.2023<\/em><\/li>\r\n<\/ul>\r\n<\/li>\r\n<\/ol>\r\n<h4>Stand M\u00e4rz\/April 2024<\/h4>\r\n<ul>\r\n<li style=\"list-style-type: none;\">\r\n<ul>\r\n<li><a href=\"https:\/\/www.waldschutz-pasching.at\/wp-content\/uploads\/2024-03-12_Aufforstung_Thurnharting.pdf\" target=\"_blank\" rel=\"noopener\">2024-03-12_Aufforstung_Thurnharting.pdf<\/a> &#8211; Bilder vom 12.3.2024 zur Aufforstung in Pasching \u2013 Thurnharting (65 MB)<\/li>\r\n<li><a href=\"https:\/\/www.waldschutz-pasching.at\/wp-content\/uploads\/2024-03-13_Aufforstung_Ansfelden.pdf\" target=\"_blank\" rel=\"noopener\">2024-03-13_Aufforstung_Ansfelden.pdf<\/a> &#8211; Bilder vom 12.3.2024 zur Aufforstung in Ansfelden (22 MB)<\/li>\r\n<li><a href=\"https:\/\/www.waldschutz-pasching.at\/wp-content\/uploads\/2024-03-17_Aufforstung_Stromtrasse.pdf\" target=\"_blank\" rel=\"noopener\">2024-03-17_Aufforstung_Stromtrasse.pdf<\/a> &#8211; Bilder vom 12.3.2024 zur Aufforstung in Pasching \u2013 Alte Stromtrasse Wagram (13 MB)<\/li>\r\n<li><a href=\"https:\/\/www.waldschutz-pasching.at\/wp-content\/uploads\/2024-03-17_Aufforstung_Erdwall.pdf\" target=\"_blank\" rel=\"noopener\">2024-03-17_Aufforstung_Erdwall.pdf<\/a> &#8211; Bilder vom 12.3.2024 zur Aufforstung in Pasching \u2013 L\u00e4rmschutzdamm Wagram (24 MB)<\/li>\r\n<li><a href=\"https:\/\/www.waldschutz-pasching.at\/wp-content\/uploads\/2024-03-19_Anfrage_BHLLForst-2019-71080_Maengel.pdf\" target=\"_blank\" rel=\"noopener\">2024-03-19_Anfrage_BHLLForst-2019-71080_Maengel.pdf<\/a> &#8211; Schreiben an die Forstbeh\u00f6rde nach Lokalaugenschein im M\u00e4rz 2024<\/li>\r\n<li><a href=\"https:\/\/www.waldschutz-pasching.at\/wp-content\/uploads\/2024-04-09_Rueckmeldung_BHLLForst-2019-71080_Maengel.pdf\" target=\"_blank\" rel=\"noopener\">2024-04-09_Rueckmeldung_BHLLForst-2019-71080_Maengel.pdf<\/a> &#8211; R\u00fcckmeldung der Forstbeh\u00f6rde mit Zustandsbericht zu den Ersatzfl\u00e4chen und Ma\u00dfnahmen die von der Beh\u00f6rde ergriffen werden<\/li>\r\n<li><a href=\"https:\/\/www.waldschutz-pasching.at\/wp-content\/uploads\/2024-04-29_Rueckmeldung_2_BHLLForst-2019-71080_Maengel.pdf\" target=\"_blank\" rel=\"noopener\">2024-04-29_Rueckmeldung_2_BHLLForst-2019-71080_Maengel.pdf<\/a>&nbsp;&#8211; Die Umsetzung der Nachbesserungen hat ehestm\u00f6glich, jedoch bis sp\u00e4testens 12. Juni 2024, zu erfolgen.&nbsp;<\/li>\r\n<\/ul>\r\n<\/li>\r\n<\/ul>\r\n<h4>Stand Juni 2024<\/h4>\r\n<ul>\r\n<li style=\"list-style-type: none;\">\r\n<ul>\r\n<li><a href=\"https:\/\/www.waldschutz-pasching.at\/wp-content\/uploads\/2024-06-13_Auff_Damm.pdf\" target=\"_blank\" rel=\"noopener\">2024-06-13_Auff_Damm.pdf<\/a><span style=\"font-size: 1rem;\">&nbsp;&#8211; Status L\u00e4rmschutzdamm vom 13.6.2024<\/span><\/li>\r\n<li><a href=\"https:\/\/www.waldschutz-pasching.at\/wp-content\/uploads\/2024-06-13_Auff_Stromtrasse_GstNr-1716-1.pdf\" target=\"_blank\" rel=\"noopener\">2024-06-13_Auff_Stromtrasse_GstNr-1716-1.pdf<\/a><span style=\"font-size: 1rem;\"> &#8211; Status Fl\u00e4che 1 \u2013 <\/span><span style=\"font-size: 1rem;\">Gst. Nr. 1716\/1 &amp; 1716\/2 \u2013 Alte Stromtrasse Wagram vom 13.6.2024<\/span><\/li>\r\n<li><a href=\"https:\/\/www.waldschutz-pasching.at\/wp-content\/uploads\/2024-06-13_Auff_Wagram_GstNr-1710.pdf\" target=\"_blank\" rel=\"noopener\">2024-06-13_Auff_Wagram_GstNr-1710.pdf<\/a><span style=\"font-size: 1rem;\"> &#8211; Status <\/span><span style=\"font-size: 1rem;\">Fl\u00e4che 2 \u2013 Gst. Nr. 1709 &amp; 1710 \u2013 Wagram, N\u00e4he Jagdh\u00fctte vom 13.6.2024<\/span><\/li>\r\n<li><a style=\"font-size: 1rem;\" href=\"https:\/\/www.waldschutz-pasching.at\/wp-content\/uploads\/2024-06-18_Aufforstung_Thurnharting.pdf\" target=\"_blank\" rel=\"noopener\">2024-06-18_Aufforstung_Thurnharting.pdf<\/a> &#8211; Status <span style=\"font-size: 1rem;\">Fl\u00e4che 3 \u2013 Gst. Nr. 844 \u2013 Thurnharting vom 18.6.2024<\/span><\/li>\r\n<li><a style=\"font-size: 1rem;\" href=\"https:\/\/www.waldschutz-pasching.at\/wp-content\/uploads\/2024-06-13_Auff_Pucking.pdf\" target=\"_blank\" rel=\"noopener\">2024-06-13_Auff_Pucking.pdf<\/a> &#8211; Status <span style=\"font-size: 1rem;\">Fl\u00e4che 4 \u2013 Gst. Nr. 8909\/1 \u2013 Pucking vom 13.6.2024<\/span><\/li>\r\n<li><a href=\"https:\/\/www.waldschutz-pasching.at\/wp-content\/uploads\/2024-06-24_Aufforstung_Ansfelden.pdf\" target=\"_blank\" rel=\"noopener\">2024-06-24_Aufforstung_Ansfelden.pdf<\/a>&nbsp;<span style=\"font-size: 1rem;\">&#8211; Status Fl\u00e4che 5 und 6 \u2013 Gest. Nr. 125, 114, 124 &amp; 111 \u2013 Ansfelden vom 24.6.2024<\/span><\/li>\r\n<\/ul>\r\n<\/li>\r\n<\/ul>\r\n<h4 style=\"font-size: 16px;\">Stand August 2024<\/h4>\r\n<ul>\r\n<li style=\"list-style-type: none;\">\r\n<ul>\r\n<li><a href=\"https:\/\/www.waldschutz-pasching.at\/wp-content\/uploads\/2024-08-04_Thurnharting_Full.pdf\" target=\"_blank\" rel=\"noopener\">2024-08-04_Thurnharting_Full.pdf<\/a>&nbsp;&#8211; Nachbesserungen zur Fl\u00e4che 3 (Gst. Nr. 844 \u2013 Pasching \/ Thurnharting)<\/li>\r\n<li><a href=\"https:\/\/www.waldschutz-pasching.at\/wp-content\/uploads\/2024-08-22_BH_LL_Ersatzaufforstungsflaechen.pdf\" target=\"_blank\" rel=\"noopener\">2024-08-22_BH_LL_Ersatzaufforstungsflaechen.pdf<\/a> &#8211; Forstbeh\u00f6rde meldet auf Anfrage die genaue Lage der Ersatzfl\u00e4che<\/li>\r\n<\/ul>\r\n<\/li>\r\n<\/ul>\r\n<h4 style=\"font-size: 16px;\">Stand Oktober 2024<\/h4>\r\n<ul>\r\n<li style=\"list-style-type: none;\">\r\n<ul>\r\n<li style=\"list-style-type: none;\">\r\n<ul>\r\n<li><a href=\"https:\/\/www.waldschutz-pasching.at\/wp-content\/uploads\/2024-10-28_Aufforstung_Ansfelden_T1.pdf\" target=\"_blank\" rel=\"noopener\">2024-10-28_Aufforstung_Ansfelden_T1.pdf<\/a> &#8211; Ansfelden Teil 1<\/li>\r\n<li><a href=\"https:\/\/www.waldschutz-pasching.at\/wp-content\/uploads\/2024-10-28_Aufforstung_Ansfelden_T2.pdf\" target=\"_blank\" rel=\"noopener\">2024-10-28_Aufforstung_Ansfelden_T2.pdf<\/a> &#8211; Ansfelden Teil 2<\/li>\r\n<li><a href=\"https:\/\/www.waldschutz-pasching.at\/wp-content\/uploads\/2024-10-28_Aufforstung_Pasching_Erdwall.pdf\" target=\"_blank\" rel=\"noopener\">2024-10-28_Aufforstung_Pasching_Erdwall.pdf<\/a> &#8211; Pasching L\u00e4rmschutzdamm Wagram<\/li>\r\n<li><a href=\"https:\/\/www.waldschutz-pasching.at\/wp-content\/uploads\/2024-10-28_Aufforstung_Pasching_Finstergasse.pdf\" target=\"_blank\" rel=\"noopener\">2024-10-28_Aufforstung_Pasching_Finstergasse.pdf<\/a> &#8211; Pasching Finstergasse<\/li>\r\n<li><a href=\"https:\/\/www.waldschutz-pasching.at\/wp-content\/uploads\/2024-10-28_Aufforstung_Pasching_Kepplinger.pdf\" target=\"_blank\" rel=\"noopener\">2024-10-28_Aufforstung_Pasching_Kepplinger.pdf<\/a> &#8211; Pasching Gst. Nr. 1848\/2, 1848\/3<\/li>\r\n<li><a href=\"https:\/\/www.waldschutz-pasching.at\/wp-content\/uploads\/2024-10-28_Aufforstung_Pucking_T1.pdf\" target=\"_blank\" rel=\"noopener\">2024-10-28_Aufforstung_Pucking_T1.pdf<\/a> &#8211; Pucking Teil 1<\/li>\r\n<li><a href=\"https:\/\/www.waldschutz-pasching.at\/wp-content\/uploads\/2024-10-28_Aufforstung_Pucking_T2.pdf\" target=\"_blank\" rel=\"noopener\">2024-10-28_Aufforstung_Pucking_T2.pdf<\/a> &#8211; Pucking Teil 2<\/li>\r\n<li><a href=\"https:\/\/www.waldschutz-pasching.at\/wp-content\/uploads\/2024-10-14_Aufforstung_Thurnharting.pdf\" target=\"_blank\" rel=\"noopener\">2024-10-14_Aufforstung_Thurnharting.pdf<\/a> &#8211; Pasching\/Thurnharting Gst. Nr. 844<\/li>\r\n<li><a href=\"https:\/\/www.waldschutz-pasching.at\/wp-content\/uploads\/2024-10-30_Aufforstung_Thurnharting.pdf\" target=\"_blank\" rel=\"noopener\">2024-10-30_Aufforstung_Thurnharting.pdf<\/a> &#8211; Pasching\/Thurnharting Gst. Nr. 844<\/li>\r\n<\/ul>\r\n<\/li>\r\n<\/ul>\r\n<\/li>\r\n<\/ul>\r\n<h4>Stand Dezember 2024<\/h4>\r\n<ul>\r\n<li style=\"list-style-type: none;\">\r\n<ul>\r\n<li style=\"list-style-type: none;\">\r\n<ul>\r\n<li><a href=\"https:\/\/www.waldschutz-pasching.at\/wp-content\/uploads\/2024-12-01_Aufforstung_Erdwall.pdf\" target=\"_blank\" rel=\"noopener\">2024-12-01_Aufforstung_Erdwall.pdf<\/a> &#8211; Im Randbereich des L\u00e4rmschutzdamms f\u00fcr das Trainingszentrum gesetzt wurden 10 neue Setzlinge gesetzt<\/li>\r\n<li><a href=\"https:\/\/www.waldschutz-pasching.at\/wp-content\/uploads\/2024-12-15_Aufforstung_Erdwall.pdf\" target=\"_blank\" rel=\"noopener\">2024-12-15_Aufforstung_Erdwall.pdf<\/a> &#8211; Der Erdwall wurde gro\u00dfteils gem\u00e4ht \u2013 mit einigen L\u00fccken. Nun wird der fehlende Aufforstungserfolg noch deutlicher sichtbar<\/li>\r\n<\/ul>\r\n<\/li>\r\n<\/ul>\r\n<\/li>\r\n<\/ul>\r\n<h4>Stand M\u00e4rz 2025<\/h4>\r\n<ul>\r\n<li style=\"list-style-type: none;\">\r\n<ul>\r\n<li style=\"list-style-type: none;\">\r\n<ul>\r\n<li><a href=\"https:\/\/www.waldschutz-pasching.at\/wp-content\/uploads\/2025-03-12_Aufforstung_Thurnharting.pdf\" target=\"_blank\" rel=\"noopener\">2025-03-12_Aufforstung_Thurnharting.pdf<\/a> &#8211; F\u00fcr die Nachbesserung im Juli 2024 wurden von der Gemeinde \u00fcber 10.000 Euro f\u00fcr das Setzen von 300 Pflanzen ausgegeben (34,45 Euro pro gesetzter Pflanze). Der Verbissschutz ist in vielen F\u00e4llen umgefallen. Viele Setzling ist bereits abgestorben.<\/li>\r\n<li><a href=\"https:\/\/www.waldschutz-pasching.at\/wp-content\/uploads\/2025-03-12_Aufforstung_Restwald.pdf\" target=\"_blank\" rel=\"noopener\">2025-03-12_Aufforstung_Restwald.pdf<\/a> &#8211; Pfl\u00f6cke st\u00fctzen die Setzling.<\/li>\r\n<li><a href=\"https:\/\/www.waldschutz-pasching.at\/wp-content\/uploads\/2025-03-12_Aufforstung_Erdwall.pdf\">2025-03-12_Aufforstung_Erdwall.pdf<\/a> &#8211; Am Erdwall wurde gem\u00e4ht. Weiterhin fehlender Aufforstungserfolg .<\/li>\r\n<\/ul>\r\n<\/li>\r\n<\/ul>\r\n<\/li>\r\n<\/ul>\r\n<h4>Stand Mai 2025<\/h4>\r\n<ul>\r\n<li style=\"list-style-type: none;\">\r\n<ul>\r\n<li style=\"list-style-type: none;\">\r\n<ul>\r\n<li><a href=\"https:\/\/www.waldschutz-pasching.at\/wp-content\/uploads\/2025-05-03_Aufforstung_Finstergasse.pdf\" target=\"_blank\" rel=\"noopener\">2025-05-03_Aufforstung_Finstergasse.pdf<\/a> &#8211; Ein Teil des h\u00f6lzernen&nbsp; Fegeschutzes wurde von Thurnharting entfernt und bei den gr\u00f6\u00dferen Pflanzen der Finstergasse angebracht.<\/li>\r\n<li><a href=\"https:\/\/www.waldschutz-pasching.at\/wp-content\/uploads\/2025-05-03_Aufforstung_Erdwall.pdf\" target=\"_blank\" rel=\"noopener\">2025-05-03_Aufforstung_Erdwall.pdf<\/a> &#8211; Auf den Hangfl\u00e4chen (Schr\u00e4gen) ist keine neue Bepflanzung erkennbar. Kahle Stellen, an denen sich vor allem Brennnesseln breit machen, dominieren das Bild.<\/li>\r\n<li><a href=\"https:\/\/www.waldschutz-pasching.at\/wp-content\/uploads\/2025-04-30_Aufforstung_Thurnharting.pdf\" target=\"_blank\" rel=\"noopener\">2025-04-30_Aufforstung_Thurnharting.pdf<\/a> &#8211; Die Fehlstellen wurden mit Haselnuss-Pflanzen erg\u00e4nzt (entspricht nicht dem Rodungsbescheid). Der h\u00f6lzerne Fegeschutz wurde entfernt. Da kein Zaun vorhanden ist, besteht damit leider kein Fegeschutz mehr.<\/li>\r\n<\/ul>\r\n<\/li>\r\n<\/ul>\r\n<\/li>\r\n<\/ul>\r\n<hr>\r\n<h3>Unterschriften &#8222;<i>Fu\u00dfball-Trainingsfelder Wagram, Pfanzaglgutstra\u00dfe: Wir fordern Schutz f\u00fcr B\u00fcrgerlnnen und Umwelt<\/i>&#8222;<\/h3>\r\n<p><a href=\"https:\/\/www.waldschutz-pasching.at\/wp-content\/uploads\/19-11-11_Unterschriften-Liste_V2.pdf\" target=\"_blank\" rel=\"noopener noreferrer\">19-11-11_Unterschriften-Liste_V2.pdf<\/a> &#8211; <i>Unterschriftenliste &#8222;Fu\u00dfball-Trainingsfelder Wagram, Pfanzaglgutstra\u00dfe: Wir fordern Schutz f\u00fcr B\u00fcrgerlnnen und Umwelt&#8220; vom 11.11.2019<\/i><\/p>\r\n<p><a href=\"https:\/\/www.waldschutz-pasching.at\/wp-content\/uploads\/19-11-28_Nebenfelder_Brief.pdf\" target=\"_blank\" rel=\"noopener noreferrer\">19-11-28_Nebenfelder_Brief.pdf<\/a><span style=\"display: inline !important; float: none; background-color: #ffffff; color: #333333; cursor: text; font-family: 'Libre Franklin','Helvetica Neue',helvetica,arial,sans-serif; font-size: 16px; font-style: normal; font-variant: normal; font-weight: 400; letter-spacing: normal; orphans: 2; text-align: left; text-decoration: none; text-indent: 0px; text-transform: none; -webkit-text-stroke-width: 0px; white-space: normal; word-spacing: 0px;\"> &#8211; <\/span><em>Schreiben an Gemeindevertreter vom 28.11.2019: \u00dcber 350 Paschinger fordern Schutz f\u00fcr Anrainer und Umwelt. Die Forderungen von Volksanwaltschaft, Umweltanwaltschaft und Naturschutzbund sind zu ber\u00fccksichtigen sowie die L\u00e4rmschutzma\u00dfnahmen auf Basis objektiver Grundlagen anzupassen.<\/em><\/p>\r\n<p><a href=\"\/wp-content\/uploads\/19-12-16_Bescheid_Unterschriften.pdf\" target=\"_blank\" rel=\"noopener noreferrer\">19-12-16_Bescheid_Unterschriften.pdf<\/a> &#8211; <i>Punkt 3 und Punkt 5 der Forderungen der B\u00fcrger und B\u00fcrgerinnen werden durch die Gemeinde als unzul\u00e4ssig zur\u00fcckgewiesen.<\/i><\/p>\r\n<p><a href=\"https:\/\/www.waldschutz-pasching.at\/wp-content\/uploads\/20-01-13_Beschwerde-Unterschriften.pdf\" target=\"_blank\" rel=\"noopener noreferrer\">20-01-13_Beschwerde Unterschriften<\/a> &#8211; <i>Wir beantragen die Behandlung aller Punkte. Es wird ausdr\u00fccklich der B\u00fcrgermeister ersucht, f\u00fcr die Umsetzung der Punkte Sorge zu tragen.<\/i><\/p>\r\n<p><a href=\"\/wp-content\/uploads\/20-03-11_Bescheid_GM-Unterschriften_Web.pdf\" target=\"_blank\" rel=\"noopener noreferrer\">20-03-11_Bescheid_GM-Unterschriften_Web.pdf<\/a> &#8211;&nbsp;<i><br>Bescheid des B\u00fcrgermeisters der Gemeinde Pasching vom 16.12.2019 betreffend B\u00fcrgerinnen- und B\u00fcrger-Initiative \u201eFu\u00dfball-Trainingsfelder Wagram, Pfanzaglgutstra\u00dfe: Wir fordern Schutz f\u00fcr B\u00fcrgerlnnen und Umwelt&#8220; &#8211; Der angefochtene Bescheid wurde aufgehoben.<\/i><\/p>\r\n<p>Derzeit gibt es damit keinen g\u00fcltigen Bescheid zur Unterschriftenliste. Im Schreiben vom 30.3. versichert die Gemeinde jedoch:<br><em>&#8222;Der Gemeinderat hat sich noch nicht abschlie\u00dfend mit diesem Anliegen befasst, und wird sich NAT\u00dcRLICH in seiner abschlie\u00dfenden Befassung auch mit dem GESAMTEN Inhalt der B\u00fcrgerinnen- und B\u00fcrgerinitiative befassen, seien Sie versichert!&#8220;<\/em><\/p>\r\n<p><a href=\"\/wp-content\/uploads\/2020-06-16-AB-B\u00fcrgerinnen-und-B\u00fcrgerinitiative.pdf\" target=\"_blank\" rel=\"noopener noreferrer\">2020-06-16 AB &#8211; B\u00fcrgerinnen- und B\u00fcrgerinitiative<\/a>&nbsp;&#8211; Amtsbericht AL\/877\/2020 der Gemeinde Pasching zur Unterschriftenaktion \u201eFu\u00dfball-Trainingsfelder Wagram, Pfanzaglgutstra\u00dfe: Wir fordern Schutz f\u00fcr B\u00fcrgerInnen und Umwelt!\u201c vom 16.06.2020<\/p>\r\n<hr>\r\n<h3>Bauverhandlung Trainingspl\u00e4tze<\/h3>\r\n<p><a href=\"\/wp-content\/uploads\/20-02-24_Trainingsplaetze_GstNr_1713_Verhandlungsschrift.pdf\" target=\"_blank\" rel=\"noopener noreferrer\">20-02-24_Trainingsplaetze_GstNr_1713_Verhandlungsschrift.pdf<\/a> &#8211; <i>Verhandlungsschrift zu Bauverhandlung Trainingspl\u00e4tze GstNr. 1713 aufgenommen am 18.12.2019; \u00fcbermittelt am 24.02.2020.<br>Aktz.: Bau-4667-2019; FC Juniors O\u00d6; LASK<br><\/i>Gr\u00f6\u00dfe: 15 MB<\/p>\r\n<p><a href=\"\/wp-content\/uploads\/20-02-24_Trainingsplaetze_GstNr_1713_Bescheid.pdf\" target=\"_blank\" rel=\"noopener noreferrer\">20-02-24_Trainingsplaetze_GstNr_1713_Bescheid.pdf<\/a> &#8211; <i>Bescheid zu Bauvorhaben Trainingspl\u00e4tze GstNr. 1713 vom 17.02.2020; \u00fcbermittelt am 24.02.2020. Aktz.: Bau-4667-2019; FC Juniors O\u00d6; LASK<br>Gr\u00f6\u00dfe: 10 MB<\/i><\/p>\r\n<p><a href=\"\/wp-content\/uploads\/20-03-19_Beschwerde_Trainingspl\u00e4tze_Web.pdf\" target=\"_blank\" rel=\"noopener noreferrer\">20-03-19_Beschwerde_Trainingspl\u00e4tze_Web.pdf<\/a> &#8211; <i>Die begr\u00fcndeten Einwendungen wurden fristgerecht am 16.12.2019 bei der Gemeinde Pasching zum Bauvorhaben eingebracht. <br>Im Bescheid Aktz.: Bau-4667-2019 der Gemeinde Pasching vom 17.02.2020 wurden Punkte nicht oder unzureichend behandelt.<\/i><\/p>\r\n<p><a href=\"https:\/\/www.waldschutz-pasching.at\/wp-content\/uploads\/21-01-28_Erkenntnis_LVwG_FC_Juniors_GmbH.pdf\">21-01-28_Erkenntnis_LVwG_FC_Juniors_GmbH<\/a>&nbsp;&#8211; <em>Erkenntnis des LVwG O\u00d6 zu Baubescheid Bau-4667-2019<\/em><br><em>Gesch\u00e4ftszeichen: LVwG-152603\/34\/VG \u2013 152608\/3<\/em><\/p>\r\n\r\n\r\n<hr>\r\n<h3 class=\"wp-block-heading\">Stellungnahmen zur Finanzierung der FC Juniors Sportst\u00e4tte<\/h3>\r\n<p><a href=\"https:\/\/www.waldschutz-pasching.at\/wp-content\/uploads\/19-07-16_IKD_Pr\u00fcfung_Trainingsfelder_Pasching.pdf\" target=\"_blank\" rel=\"noreferrer noopener\" aria-label=\"19-07-16_IKD_Pr\u00fcfung_Trainingsfelder_Pasching.pdf (\u00f6ffnet in neuem Tab)\">19-07-16_IKD_Pr\u00fcfung_Trainingsfelder_Pasching.pdf<\/a> &#8211; <em>Ersuchen an Land O\u00f6 (IKD) um Pr\u00fcfung Finanzierung der Erweiterung der Trainingsfelder bei der TGW Arena Wagram\/Pasching inklusive 200.000 \u20ac Nachtragsvoranschlag 2019 (Position 225 &#8222;Trainingsfelder&#8220;).<\/em><\/p>\r\n<p><a href=\"https:\/\/www.waldschutz-pasching.at\/wp-content\/uploads\/19-08-01_IKD_Brief_2019-347460_4-Sto.pdf\" target=\"_blank\" rel=\"noreferrer noopener\" aria-label=\"19-08-01_IKD_Brief_2019-347460_4-Sto.pdf (\u00f6ffnet in neuem Tab)\">19-08-01_IKD_Brief_2019-347460_4-Sto.pdf<\/a> &#8211; <em>Kl\u00e4rung des Sachverhaltes betreffend (Mehrfach)F\u00f6rderung der Erweiterung der Trainingsfelder der FC Juniors GmbH vom 16. und 24. Juli 2019 wird zust\u00e4ndigkeitshalber an die Direktion Gesellschaft, Soziales und Gesundheit, Abteilung Gesellschaft, Sport, weitergeleitet.<\/em><\/p>\r\n<p><a href=\"https:\/\/www.waldschutz-pasching.at\/wp-content\/uploads\/19-10-07_Petition_Landtag_l_2019-449512_2_rs.pdf\" target=\"_blank\" rel=\"noreferrer noopener\" aria-label=\"19-10-07_Petition_Landtag_l_2019-449512_2_rs (\u00f6ffnet in neuem Tab)\">19-10-07_Petition_Landtag_l_2019-449512_2_rs<\/a><span style=\"display: inline !important; float: none; background-color: #ffffff; color: #333333; cursor: text; font-family: 'Libre Franklin','Helvetica Neue',helvetica,arial,sans-serif; font-size: 16px; font-style: normal; font-variant: normal; font-weight: 400; letter-spacing: normal; orphans: 2; text-align: left; text-decoration: none; text-indent: 0px; text-transform: none; -webkit-text-stroke-width: 0px; white-space: normal; word-spacing: 0px;\"> &#8211; <\/span><em>Petition an den O\u00d6 Landtag (Gesch\u00e4ftszeichen: L-2019-449512\/2-Gru XXVIII. GP) zur Pr\u00fcfung der Finanzierung der Erweiterung der Trainingsfelder wird dem Petitions- und Rechtsbereinigungsausschuss zur Vorberatung zugewiesen.<\/em><\/p>\r\n<p><a href=\"https:\/\/www.waldschutz-pasching.at\/wp-content\/uploads\/L-2019-449512_9_rs.pdf\" target=\"_blank\" rel=\"noopener noreferrer\">O\u00d6 Landtag L-2019-449512_9<\/a>: <i>Aus der Sicht des O\u00f6. Landtags besteht daher f\u00fcr den O\u00f6. Landtag bis auf Weiteres kein Handlungsbedarf<\/i><\/p>\r\n<p><a href=\"https:\/\/www.waldschutz-pasching.at\/wp-content\/uploads\/Stellungnahme_LH-Stv._Dr._Haimbuchner_Beilage_1.pdf\" target=\"_blank\" rel=\"noopener noreferrer\">Stellungnahme LH-Stv. Dr. Haimbuchner<\/a>: <i>In Hinblick auf natur- und landschaftsschutzrechtliche Fragen bestehen nach Auskunft meiner Fachabteilung derzeit keine fachlichen Bedenken gegen das geplante Projekt.<\/i><\/p>\r\n<p><a href=\"https:\/\/www.waldschutz-pasching.at\/wp-content\/uploads\/Stellungnahme_LR_Achleitner_Beilage_2.pdf\" target=\"_blank\" rel=\"noopener noreferrer\">Stellungnahme LR Achleitner<\/a>: <i>Die Ausweitung der Trainingspl\u00e4tze sei im nationalen Vergleich mit anderen Akademiemannschaften notwendig, um mit Teams von Red Bull Salzburg, SK Rapid Wien oder FK Austria Wien konkurrenzf\u00e4hig zu werden.<\/i><\/p>\r\n<p><a href=\"https:\/\/www.waldschutz-pasching.at\/wp-content\/uploads\/Stellungnahme_LR_Gerstorfer_Beilage_3.pdf\" target=\"_blank\" rel=\"noopener noreferrer\">Stellungnahme LR Gerstorfer<\/a>: <i>Da aber weder der abgeschlossene Pachtvertrag noch der Baurechtsvertrag genehmigungspflichtig sind, darf ich diesbez\u00fcglich auf die gesetzlich verankerte Gemeindeautonomie verweisen.<\/i><\/p>\r\n<p><a href=\"https:\/\/www.waldschutz-pasching.at\/wp-content\/uploads\/Stellungnahme_LR_Hiegelsberger_Beilage_4.pdf\" target=\"_blank\" rel=\"noopener noreferrer\">Stellungnahme LR Hiegelsberger<\/a>: <i>Aufgrund der in der Petition angef\u00fchrten Gr\u00fcnde sehen wir aus unserer Sicht keine Zust\u00e4ndigkeiten und sehen daher von einer Stellungnahme ab.<\/i><\/p>\r\n<p><a href=\"https:\/\/www.waldschutz-pasching.at\/wp-content\/uploads\/20-02-17_BMDW_Beihilfe_Art_107_AEUV.pdf\" target=\"_blank\" rel=\"noopener noreferrer\">20-02-17_BMDW_Beihilfe_Art_107_AEUV<\/a>: <i>Schreiben BMDW vom 17.2.2020 zu Beihilfe im Sinne des Art 107 Abs 1 AEUV. Die GD Wettbewerb der EK und letztlich die Gerichte der EU sind f\u00fcr die authentische Auslegung des Beihilfenbegriffs und die Zul\u00e4ssigkeitskriterien alleinig direkt zust\u00e4ndig.<\/i><\/p>\r\n<hr>\r\n<h3>Protokoll des Gemeinderates<\/h3>\r\n\r\n\r\n\r\n<p><a href=\"https:\/\/www.waldschutz-pasching.at\/wp-content\/uploads\/2021-05-20_GR_Protokoll.pdf\" target=\"_blank\" rel=\"noopener\">20.05.2021<\/a> &#8211; Protokoll des Gemeinderates<br><a href=\"https:\/\/www.waldschutz-pasching.at\/wp-content\/uploads\/2021-03-25_GR_Protokoll.pdf\" target=\"_blank\" rel=\"noopener\">25.03.2021<\/a> &#8211; Protokoll des Gemeinderates <br><a href=\"https:\/\/www.waldschutz-pasching.at\/wp-content\/uploads\/2021-02-11_Umlaufbeschluesse.pdf\" target=\"_blank\" rel=\"noopener\">11.02.2021<\/a> &#8211; Umlaufbeschl\u00fcsse<\/p>\r\n<p><a href=\"https:\/\/www.waldschutz-pasching.at\/wp-content\/uploads\/2020-12-17_GR_Protokoll.pdf\" target=\"_blank\" rel=\"noopener\">17.12.2020<\/a> &#8211; Protokoll des Gemeinderates<br><a href=\"https:\/\/www.pasching.at\/system\/web\/GetDocument.ashx?fileId=2614472&amp;cts=1606947338\" target=\"_blank\" rel=\"noopener\">25.11.2020<\/a> &#8211; Umlaufbeschl\u00fcsse<br><a href=\"https:\/\/www.pasching.at\/system\/web\/GetDocument.ashx?fileId=2639681&amp;cts=1610527157\" target=\"_blank\" rel=\"noopener\">17.09.2020<\/a> &#8211; Protokoll des Gemeinderates<br><a href=\"https:\/\/www.pasching.at\/system\/web\/GetDocument.ashx?fileId=2571780&amp;cts=1600706303\" target=\"_blank\" rel=\"noopener\">18.06.2020<\/a> &#8211; Protokoll des Gemeinderates<br><a href=\"https:\/\/www.pasching.at\/system\/web\/GetDocument.ashx?fileId=2575490&amp;cts=1601287155\" target=\"_blank\" rel=\"noopener\">27.04.2020<\/a> &#8211; Protokoll des Gemeinderates<br><a href=\"https:\/\/www.pasching.at\/system\/web\/GetDocument.ashx?fileId=2495523&amp;cts=1588588784\" target=\"_blank\" rel=\"noopener\">13.02.2020<\/a> &#8211; Protokoll des Gemeinderates<\/p>\r\n<p><a href=\"https:\/\/www.pasching.at\/system\/web\/GetDocument.ashx?fileId=2414626\" target=\"_blank\" rel=\"noopener noreferrer\">07.11.2019<\/a><span style=\"display: inline !important; float: none; background-color: #ffffff; color: #333333; cursor: text; font-family: 'Libre Franklin','Helvetica Neue',helvetica,arial,sans-serif; font-size: 16px; font-style: normal; font-variant: normal; font-weight: 400; letter-spacing: normal; orphans: 2; text-align: left; text-decoration: none; text-indent: 0px; text-transform: none; -webkit-text-stroke-width: 0px; white-space: normal; word-spacing: 0px;\"> &#8211; <\/span><i>Fragen werden seitens des B\u00fcrgermeisters beantwortet&#8230;<\/i>&nbsp;<br><a href=\"http:\/\/pasching.at\/system\/web\/GetDocument.ashx?fileId=2386894\" target=\"_blank\" rel=\"noopener noreferrer\">19.09.2019<\/a> &#8211; <i>Fragen wurden seitens des B\u00fcrgermeisters beantwortet&#8230;<\/i>&nbsp;<br><a href=\"https:\/\/www.pasching.at\/system\/web\/GetDocument.ashx?fileid=2110037\" target=\"_blank\" rel=\"noreferrer noopener\" aria-label=\"16.05.2019 (\u00f6ffnet in neuem Tab)\">16.05.2019<\/a> &#8211; <em>Stellungnahme des B\u00fcrgermeisters zu den Trainingsfeldern<\/em><br><a href=\"https:\/\/www.pasching.at\/system\/web\/GetDocument.ashx?fileid=2043511\" target=\"_blank\" rel=\"noreferrer noopener\" aria-label=\"28.03.2019 (\u00f6ffnet in neuem Tab)\">28.03.2019<\/a> &#8211; <em>Beschluss Erweiterung Nebenfelder (Punkt 7.1. FPW-\u00c4nderung 4.5)<\/em><br><a href=\"https:\/\/www.pasching.at\/system\/web\/GetDocument.ashx?fileid=1921218\" target=\"_blank\" rel=\"noreferrer noopener\" aria-label=\"14.02.2019 (\u00f6ffnet in neuem Tab)\">14.02.2019<\/a> &#8211; <em>Behandlung Antrag Trainingspl\u00e4tze gem. \u00a7 38b O\u00f6 Gemeindeordnung<\/em> (Punkt 4)<br><a href=\"\/wp-content\/uploads\/2018-12-13_GR-Verhandlungsschrift_gF.pdf\" target=\"_blank\" rel=\"noreferrer noopener\" aria-label=\"13.12.2018 (\u00f6ffnet in neuem Tab)\">13.12.2018<\/a> &#8211; <em>Baurechtsvertrag Trainingspl\u00e4tze (Punkt 15.1)<\/em><br><a href=\"\/wp-content\/uploads\/2018-12-13_GR-Verhandlungsschrift_gF.pdf\" target=\"_blank\" rel=\"noreferrer noopener\" aria-label=\"08.11.2018 (\u00f6ffnet in neuem Tab)\">08.11.2018<\/a> &#8211; <em>FWP-\u00c4nderung 4.5 &#8211; Einleitung des Verfahrens (Punkt 8.1)<\/em><\/p>\r\n\r\n\r\n<hr>\r\n\r\n\r\n<h2 class=\"wp-block-heading\">Medien (CMYK)<\/h2>\r\n\r\n\r\n\r\n<p><a href=\"\/wp-content\/uploads\/PR_Wald.jpg\" target=\"_blank\" rel=\"noreferrer noopener\" aria-label=\"PR_Wald.jpg&nbsp;&nbsp;&nbsp;&nbsp;&nbsp;&nbsp;&nbsp; Waldst\u00fcck in Pasching bei der TGW Arena (Waldstadium). (\u00f6ffnet in neuem Tab)\">PR_Wald.jpg<\/a> &#8211; <em>Waldst\u00fcck in Pasching in N\u00e4he der TGW Arena (Waldstadion)<\/em><\/p>\r\n\r\n\r\n\r\n<p><a href=\"\/wp-content\/uploads\/PR_FCJuniors_Firmennetzwerk.jpg\" target=\"_blank\" rel=\"noreferrer noopener\" aria-label=\"PR_FCJuniors_Firmennetzwerk.jpg  (\u00f6ffnet in neuem Tab)\">PR_FCJuniors_Firmennetzwerk.jpg <\/a>&#8211; <em>Verbindung zwischen FC-Juniors GmbH und LASK GmbH im Firmennetzwerk<\/em><\/p>\r\n\r\n\r\n\r\n<p><a href=\"\/wp-content\/uploads\/PR_Fundstueck_Einladung.jpg\" target=\"_blank\" rel=\"noreferrer noopener\" aria-label=\"PR_Fundstueck_Einladung.jpg (\u00f6ffnet in neuem Tab)\">PR_Fundstueck_Einladung.jpg<\/a> &#8211; Ein seltenes Exemplar &#8222;Einladung zur Projektpr\u00e4sentation Nachwuchszentrum Pasching&#8220; der FC Juniors GmbH<\/p>\r\n\r\n\r\n\r\n<p><a href=\"\/wp-content\/uploads\/PR_Tafel_Wasserschutzgebiet.jpg\" target=\"_blank\" rel=\"noreferrer noopener\" aria-label=\"\/wp-content\/uploads\/PR_Tafel_Wasserschutzgebiet.jpg (\u00f6ffnet in neuem Tab)\">PR_Tafel_Wasserschutzgebiet.jpg<\/a> &#8211; Tafel Wasserschutzgebiet bei Pasching Finstergasse<\/p>\r\n\r\n\r\n\r\n<p><a href=\"\/wp-content\/uploads\/PR_Tafel_Wasserschutzgebiet_Ruth.jpg\" target=\"_blank\" rel=\"noreferrer noopener\" aria-label=\"PR_Tafel_Wasserschutzgebiet_Ruth.jpg  (\u00f6ffnet in neuem Tab)\">PR_Tafel_Wasserschutzgebiet_Ruth.jpg <\/a>&#8211; Ruth Kropshofer mit Tafel Wasserschutzgebiet bei Pasching Finstergasse<\/p>\r\n\r\n\r\n\r\n<p><a href=\"\/wp-content\/uploads\/Fl\u00e4chenwidmung.jpg\" target=\"_blank\" rel=\"noreferrer noopener\" aria-label=\"Fl\u00e4chenwidmung.jpg&nbsp;&nbsp;&nbsp;&nbsp;&nbsp;&nbsp;&nbsp; Fl\u00e4chenwidmung laut www.doris.at - Stand10.12.2018 (\u00f6ffnet in neuem Tab)\">Fl\u00e4chenwidmung.jpg<\/a> &#8211; <em>Fl\u00e4chenwidmungsplan Wagram laut www.doris.at Stand 10.12.2018<\/em><\/p>\r\n\r\n\r\n\r\n<p><a href=\"\/wp-content\/uploads\/KlausG_RuthK.jpg\" target=\"_blank\" rel=\"noreferrer noopener\" aria-label=\"KlausG_RuthK.jpg&nbsp;&nbsp;&nbsp;&nbsp;&nbsp;&nbsp;&nbsp;&nbsp;&nbsp;&nbsp;&nbsp;&nbsp;&nbsp; Ruth Kropshofer und KlausGutschireiter am 13.12. im Gemeindeamt Pasching (\u00f6ffnet in neuem Tab)\">KlausG_RuthK.jpg<\/a> &#8211; <em>Ruth Kropshofer und Klaus Gutschireiter am 13.12. im Gemeindeamt Pasching<\/em><\/p>\r\n","protected":false},"excerpt":{"rendered":"<p>Dokumente IKD Pr\u00fcfungsbericht Gemeinde Pasching &#8211; Land O\u00f6 (Direktion Inneres und Kommunales) r\u00e4t zur Redimensionierung der Sportanlage in Pasching (siehe Seite 41f). 17-02-16_LASK_Pachtvertrag &#8211; Verpachtung des Paschinger Stadions um 250 Euro pro Monat. 17-10-30_GR Vorlage Gem Pasching.pdf &#8211; Kauf der Waldfl\u00e4chen (47.359 m\u00b2) und Gr\u00fcnfl\u00e4chen (24.773 m\u00b2) durch Pasching von der Stadt Linz um \u20ac &hellip; <\/p>\n<p class=\"link-more\"><a href=\"https:\/\/www.waldschutz-pasching.at\/?page_id=147\" class=\"more-link\"><span class=\"screen-reader-text\">\u201eDokumente, Downloads\u201c <\/span>weiterlesen<\/a><\/p>\n","protected":false},"author":1,"featured_media":0,"parent":127,"menu_order":0,"comment_status":"closed","ping_status":"closed","template":"","meta":{"ngg_post_thumbnail":0,"footnotes":""},"class_list":["post-147","page","type-page","status-publish","hentry"],"_links":{"self":[{"href":"https:\/\/www.waldschutz-pasching.at\/index.php?rest_route=\/wp\/v2\/pages\/147","targetHints":{"allow":["GET"]}}],"collection":[{"href":"https:\/\/www.waldschutz-pasching.at\/index.php?rest_route=\/wp\/v2\/pages"}],"about":[{"href":"https:\/\/www.waldschutz-pasching.at\/index.php?rest_route=\/wp\/v2\/types\/page"}],"author":[{"embeddable":true,"href":"https:\/\/www.waldschutz-pasching.at\/index.php?rest_route=\/wp\/v2\/users\/1"}],"replies":[{"embeddable":true,"href":"https:\/\/www.waldschutz-pasching.at\/index.php?rest_route=%2Fwp%2Fv2%2Fcomments&post=147"}],"version-history":[{"count":92,"href":"https:\/\/www.waldschutz-pasching.at\/index.php?rest_route=\/wp\/v2\/pages\/147\/revisions"}],"predecessor-version":[{"id":1341,"href":"https:\/\/www.waldschutz-pasching.at\/index.php?rest_route=\/wp\/v2\/pages\/147\/revisions\/1341"}],"up":[{"embeddable":true,"href":"https:\/\/www.waldschutz-pasching.at\/index.php?rest_route=\/wp\/v2\/pages\/127"}],"wp:attachment":[{"href":"https:\/\/www.waldschutz-pasching.at\/index.php?rest_route=%2Fwp%2Fv2%2Fmedia&parent=147"}],"curies":[{"name":"wp","href":"https:\/\/api.w.org\/{rel}","templated":true}]}}